{"id":3345,"date":"2023-05-05T15:47:11","date_gmt":"2023-05-05T13:47:11","guid":{"rendered":"https:\/\/omnistaff.se\/retningslinjer-for-personvern\/"},"modified":"2025-03-07T15:41:03","modified_gmt":"2025-03-07T14:41:03","slug":"retningslinjer-for-personvern","status":"publish","type":"page","link":"https:\/\/omnistaff.se\/no\/retningslinjer-for-personvern\/","title":{"rendered":"Retningslinjer for personvern"},"content":{"rendered":"<p>[et_pb_section fb_built=&raquo;1&#8243; _builder_version=&raquo;4.21.0&#8243; _module_preset=&raquo;default&raquo; parallax=&raquo;on&raquo; parallax_method=&raquo;off&raquo; hover_enabled=&raquo;0&#8243; global_colors_info=&raquo;{}&raquo; background_enable_image=&raquo;off&raquo; sticky_enabled=&raquo;0&#8243;][et_pb_row _builder_version=&raquo;4.21.0&#8243; _module_preset=&raquo;default&raquo; background_color=&raquo;#FFFFFF&raquo; max_width=&raquo;1600px&raquo; module_alignment=&raquo;center&raquo; custom_padding=&raquo;100px|50px|100px|50px|true|true&raquo; hover_enabled=&raquo;0&#8243; global_colors_info=&raquo;{}&raquo; sticky_enabled=&raquo;0&#8243; box_shadow_style=&raquo;preset3&#8243;][et_pb_column type=&raquo;4_4&#8243; _builder_version=&raquo;4.21.0&#8243; _module_preset=&raquo;default&raquo; global_colors_info=&raquo;{}&raquo;][et_pb_text _builder_version=&raquo;4.21.0&#8243; _module_preset=&raquo;default&raquo; hover_enabled=&raquo;0&#8243; global_colors_info=&raquo;{}&raquo; sticky_enabled=&raquo;0&#8243; link_text_color=&raquo;#000000&#8243; link_font=&raquo;||||on||||&raquo;]<\/p>\n<h1><strong>OMNISTAFF &#8211; Personvernerkl\u00e6ring<\/strong><\/h1>\n<p><strong><\/strong><\/p>\n<p><strong><\/strong><\/p>\n<p><strong>2021-04-27<\/strong><strong> <\/strong><\/p>\n<p><strong>Personvernerkl\u00e6ring for rekruttering gjennom Teamtailor<\/strong><\/p>\n<p>Tjenesten for h\u00e5ndtering av rekruttering og forenkling av ansettelsesprosessen (&laquo;Tjenesten&raquo;) drives av Teamtailor p\u00e5 vegne av Omnistaff (&laquo;Behandlingsansvarlig&raquo;, &laquo;vi&raquo;, &laquo;oss&raquo; osv.). Det er viktig at de som bruker tjenesten (&laquo;brukerne&raquo;) er trygge p\u00e5 og informert om hvordan vi h\u00e5ndterer brukerens personopplysninger i rekrutteringsprosessen. Vi bestreber oss p\u00e5 \u00e5 opprettholde h\u00f8yest mulig standard for beskyttelse av personopplysninger. Vi behandler, h\u00e5ndterer, bruker og beskytter brukerens personopplysninger i samsvar med denne personvernerkl\u00e6ringen (&laquo;Personvernerkl\u00e6ringen&raquo;).   <\/p>\n<ol>\n<li><strong>Generelt<\/strong><\/li>\n<\/ol>\n<p>Vi er behandlingsansvarlig i henhold til gjeldende personopplysningslovgivning. Brukernes personopplysninger behandles med det form\u00e5l \u00e5 administrere og legge til rette for rekruttering av medarbeidere til v\u00e5r organisasjon. <\/p>\n<ol start=\"2\">\n<li><strong>Innsamling av personopplysninger<\/strong><\/li>\n<\/ol>\n<p>Vi er ansvarlige for behandlingen av personopplysningene som brukerne bidrar med til tjenesten, eller for personopplysningene som vi p\u00e5 annen m\u00e5te samler inn i forbindelse med tjenesten.<\/p>\n<p><em>N\u00e5r og hvordan vi samler inn personopplysninger<\/em><br \/>Vi samler inn personopplysninger om brukere fra brukere n\u00e5r brukere;<\/p>\n<ul>\n<li>gj\u00f8r en s\u00f8knad via Tjenesten eller p\u00e5 annen m\u00e5te legger til personopplysninger om seg selv personlig eller ved \u00e5 bruke en tredjepart, f.eks. et selskap eller en organisasjon. eks. Facebook eller LinkedIn;  <\/li>\n<li>bruker Tjenesten til \u00e5 komme i kontakt med v\u00e5re ansatte ved \u00e5 legge til personopplysninger om seg selv eller ved \u00e5 bruke en tredjepart, for eksempel Facebook eller LinkedIn; og<\/li>\n<li>oppgir identifiserbare data i chatten (som leveres via nettstedet ved hjelp av tjenesten) og slike data som er relevante for s\u00f8knadsprosedyren.<\/li>\n<\/ul>\n<p>Vi samler inn data fra tredjeparter, for eksempel Facebook, LinkedIn og andre offentlige kilder. Dette kalles &laquo;Sourcing&raquo; og utf\u00f8res manuelt av v\u00e5re ansatte eller automatisk i tjenesten. <\/p>\n<p>I noen tilfeller kan eksisterende ansatte komme med anbefalinger om potensielle jobbs\u00f8kere. Slike ansatte vil legge til personopplysninger om potensielle jobbs\u00f8kere. N\u00e5r dette gj\u00f8res, anses den potensielle jobbs\u00f8keren som en bruker i henhold til denne personvernerkl\u00e6ringen og vil bli informert om behandlingen.  <\/p>\n<p><em>Kategorier av personopplysninger som samles inn og behandles<\/em><br \/>Kategoriene av personopplysninger som kan samles inn gjennom Tjenesten, kan brukes til \u00e5 identifisere fysiske personer ut fra navn, e-post, bilder og videoer, informasjon fra Facebook- og LinkedIn-kontoer, svar p\u00e5 sp\u00f8rsm\u00e5l som stilles gjennom rekruttering, titler, utdanning og annen informasjon som brukeren eller andre oppgir gjennom Tjenesten. Kun personopplysninger som er relevante for rekrutteringsprosessen samles inn og behandles.<\/p>\n<p><em>Behandlingens form\u00e5l og lovlighet<\/em><br \/>Form\u00e5let med \u00e5 samle inn og behandle personopplysninger er \u00e5 administrere rekruttering. Lovligheten av behandlingen av personopplysninger er v\u00e5r berettigede interesse i \u00e5 forenkle og tilrettelegge for rekruttering.<\/p>\n<p>Personopplysninger som behandles med henblikk p\u00e5 aggregerte analyser eller markedsunders\u00f8kelser, gj\u00f8res alltid ikke-identifiserbare. Slike personopplysninger kan ikke brukes til \u00e5 identifisere en bestemt bruker. Slike personopplysninger anses derfor ikke som personopplysninger.  <\/p>\n<p><em>Samtykke fra den registrerte<\/em><br \/>Brukeren samtykker til behandling av personopplysninger for den behandlingsansvarliges form\u00e5l \u00e5 administrere rekruttering. Brukeren samtykker til innsamling av personopplysninger gjennom tjenesten n\u00e5r brukeren;<\/p>\n<ul>\n<li>sender inn en s\u00f8knad via Tjenesten og legger til personopplysninger om seg selv personlig eller ved \u00e5 bruke en tredjepart som Facebook eller LinkedIn, og at den Behandlingsansvarlige kan bruke eksterne sourcingverkt\u00f8y for \u00e5 legge til ytterligere informasjon; og<\/li>\n<li>bruker Tjenesten til \u00e5 koble seg til den Behandlingsansvarliges rekrutteringsavdeling, og legger til personopplysninger om seg selv personlig eller ved hjelp av en tredjepartskilde som Facebook eller LinkedIn.<\/li>\n<\/ul>\n<p>Brukeren samtykker ogs\u00e5 til at Behandlingsansvarlig kan samle inn offentlig tilgjengelig informasjon om Brukeren og sammenstille denne til bruk i rekrutterings\u00f8yemed.<\/p>\n<p>Brukeren samtykker til behandling av personopplysninger som samles inn som beskrevet ovenfor. a) og b) behandles i samsvar med avsnittene nedenfor Lagring og overf\u00f8ring og Varighet av behandling av personopplysninger.  <\/p>\n<p>Brukere har rett til n\u00e5r som helst \u00e5 trekke tilbake sitt samtykke ved \u00e5 kontakte den behandlingsansvarlige ved hjelp av kontaktinformasjonen som er oppgitt i avsnitt 9. Ut\u00f8velsen av denne retten kan imidlertid hindre brukeren i \u00e5 s\u00f8ke p\u00e5 en bestemt jobb eller p\u00e5 annen m\u00e5te bruke tjenesten. <\/p>\n<p><em>Lagring og overf\u00f8ring<\/em><br \/>Personopplysningene som samles inn gjennom tjenesten, lagres og behandles innenfor EU\/E\u00d8S, i et tredjeland som EU-kommisjonen anser for \u00e5 ha et tilstrekkelig beskyttelsesniv\u00e5, eller behandles av leverand\u00f8rer som har inng\u00e5tt slike bindende avtaler som fullt ut tilfredsstiller lovligheten av overf\u00f8ringer til tredjeland (for eksempel Privacy Shield) eller til andre leverand\u00f8rer der det finnes tilstrekkelige garantier for \u00e5 sikre de registrertes rettigheter. For \u00e5 f\u00e5 dokumentasjon p\u00e5 slike sikkerhetstiltak kan du kontakte oss ved \u00e5 bruke kontaktinformasjonen i avsnitt 9.<\/p>\n<p><em>Hvor lenge personopplysningene behandles<\/em><br \/>S\u00e5 lenge en bruker ikke skriftlig protesterer mot behandlingen av personopplysningene sine, vil personopplysningene bli lagret og behandlet av oss s\u00e5 lenge vi anser det som n\u00f8dvendig for de ovennevnte form\u00e5lene. V\u00e6r oppmerksom p\u00e5 at en jobbs\u00f8ker (bruker) kan v\u00e6re av interesse for fremtidig rekruttering, og for dette form\u00e5let kan vi lagre brukernes personopplysninger s\u00e5 lenge de anses som interessante for potensiell rekruttering. Hvis du som bruker \u00f8nsker at personopplysningene dine ikke skal behandles for dette form\u00e5let (fremtidig rekruttering), kan du kontakte oss ved hjelp av kontaktopplysningene i avsnitt 9.<\/p>\n<ol start=\"3\">\n<li><strong>Brukerrettigheter<\/strong><\/li>\n<\/ol>\n<p>Brukere har rett til \u00e5 be om informasjon om personopplysningene som behandles av oss, ved \u00e5 sende oss en skriftlig henvendelse til kontaktinformasjonen i punkt 9 nedenfor. Brukerne har rett til \u00e9n (1) kopi av de behandlede personopplysningene som tilh\u00f8rer dem, uten kostnad. For ytterligere kopier har den behandlingsansvarlige rett til \u00e5 kreve et rimelig gebyr basert p\u00e5 de administrative kostnadene ved en slik foresp\u00f8rsel.  <\/p>\n<p>Brukere har rett til, om n\u00f8dvendig, \u00e5 korrigere un\u00f8yaktige personopplysninger om brukeren ved \u00e5 be om slik korrigering skriftlig ved hjelp av kontaktinformasjonen i punkt 9 nedenfor.<\/p>\n<p>Brukeren har rett til \u00e5 be om sletting eller begrensning av behandlingen, og rett til \u00e5 motsette seg behandling basert p\u00e5 berettiget interesse under visse omstendigheter.<\/p>\n<p>Brukeren har rett til \u00e5 trekke tilbake ethvert samtykke til behandling som brukeren har gitt til den behandlingsansvarlige. Ut\u00f8velse av denne retten kan imidlertid inneb\u00e6re at brukeren ikke kan s\u00f8ke p\u00e5 en bestemt jobb eller p\u00e5 annen m\u00e5te bruke tjenesten. <\/p>\n<p>Under visse omstendigheter har brukerne rett til \u00e5 overf\u00f8re personopplysningene sine (dataportabilitet), noe som inneb\u00e6rer retten til \u00e5 f\u00e5 utlevert personopplysningene sine og overf\u00f8re dem til en annen behandlingsansvarlig, s\u00e5 lenge dette ikke p\u00e5virker andres rettigheter og friheter negativt.<\/p>\n<p>Brukeren har rett til \u00e5 klage til tilsynsmyndigheten p\u00e5 behandlingen av personopplysningene dersom brukeren mener at behandlingen av personopplysningene bryter med gjeldende personopplysningslovgivning.<\/p>\n<ol start=\"4\">\n<li><strong>Sikkerhet<\/strong><\/li>\n<\/ol>\n<p>Vi prioriterer personvern og arbeider derfor aktivt for \u00e5 sikre at brukernes personopplysninger behandles med st\u00f8rste forsiktighet. Vi tar de skritt som med rimelighet er n\u00f8dvendige for \u00e5 sikre at brukernes personopplysninger behandles sikkert og i samsvar med denne personvernerkl\u00e6ringen og GDPR. <\/p>\n<p>Overf\u00f8ring av informasjon via Internett og mobilnett kan imidlertid aldri v\u00e6re helt risikofritt, s\u00e5 all overf\u00f8ring skjer p\u00e5 eget ansvar. Det er viktig at brukerne ogs\u00e5 tar ansvar for \u00e5 sikre at dataene deres er beskyttet. Det er brukerens ansvar \u00e5 s\u00f8rge for at p\u00e5loggingsinformasjonen holdes konfidensiell.  <\/p>\n<ol start=\"5\">\n<li><strong>Overf\u00f8ring av personopplysninger til tredjeparter<\/strong><\/li>\n<\/ol>\n<p>Vi vil ikke selge eller overf\u00f8re brukernes personopplysninger til tredjeparter.<\/p>\n<p>Vi kan imidlertid overf\u00f8re personopplysninger til;<\/p>\n<ul>\n<li>v\u00e5re leverand\u00f8rer og underleverand\u00f8rer, i deres rolle som databehandlere og underdatabehandlere, i henhold til v\u00e5re instruksjoner, for levering av tjenesten;<\/li>\n<li>myndigheter eller juridiske r\u00e5dgivere ved mistanke om kriminalitet eller utilb\u00f8rlig opptreden, og<\/li>\n<li>myndigheter, juridiske r\u00e5dgivere eller andre enheter, hvis vi er p\u00e5lagt \u00e5 gj\u00f8re det i henhold til lov eller myndighetsbeslutning.<\/li>\n<\/ul>\n<p>Vi overf\u00f8rer kun brukernes personopplysninger til betrodde tredjeparter. Vi velger n\u00f8ye ut samarbeidspartnere for \u00e5 sikre at brukerens personopplysninger behandles i samsvar med gjeldende personvernlovgivning. Vi samarbeider med f\u00f8lgende kategorier av databehandlere: Teamtailor, som leverer tjenesten, server- og hostingselskaper, e-postleverand\u00f8rselskaper, videoprosesseringsselskaper, informasjonsinnhentingsselskaper, analysetjenesteselskaper og andre selskaper relatert til levering av tjenesten.  <\/p>\n<ol start=\"6\">\n<li><strong>Aggregerte data (ikke-identifiserbare personopplysninger)<\/strong><\/li>\n<\/ol>\n<p>Vi kan dele aggregert informasjon med tredjeparter. I slike tilfeller er den aggregerte informasjonen sammenstilt av informasjon som er samlet inn gjennom Tjenesten, og kan for eksempel best\u00e5 av internettrafikkstatistikk eller den geografiske plasseringen av bruken av Tjenesten. Aggregerte opplysninger inneholder ingen informasjon som kan knyttes til en bestemt person, og utgj\u00f8r derfor ikke personopplysninger.  <\/p>\n<ol start=\"7\">\n<li><strong>Informasjonskapsler<\/strong><\/li>\n<\/ol>\n<p>N\u00e5r brukere bruker tjenesten, lagres informasjon om deres bruk gjennom informasjonskapsler. Informasjonskapsler er passive tekstfiler som lagres av nettleseren p\u00e5 brukerens enhet, for eksempel en datamaskin, mobiltelefon eller nettbrett, n\u00e5r brukeren kobler seg til tjenesten. Vi bruker informasjonskapsler for \u00e5 forenkle brukerens bruk av tjenesten og for \u00e5 samle inn informasjon, for eksempel statistikk om brukerens bruk av tjenesten. Dette gj\u00f8res for \u00e5 sikre, vedlikeholde og forbedre tjenesten. Informasjonen som innhentes fra informasjonskapsler kan ogs\u00e5 utgj\u00f8re personopplysninger, og i s\u00e5 fall er behandlingen underlagt v\u00e5re <a href=\"https:\/\/omnistaff.teamtailor.com\/cookie_policy\" target=\"_blank\" rel=\"noopener\">retningslinjer<\/a> for informasjonskapsler.    <\/p>\n<p>Brukere kan n\u00e5r som helst avvise bruken av informasjonskapsler ved \u00e5 endre innstillingene p\u00e5 enheten. Hvis dette skjer, kan imidlertid Brukerens opplevelse av Tjenesten forringes, for eksempel ved at visse funksjoner i Tjenesten ikke lenger er tilgjengelige. <\/p>\n<ol start=\"8\">\n<li><strong>Endringer<\/strong><\/li>\n<\/ol>\n<p>Vi har rett til n\u00e5r som helst \u00e5 gj\u00f8re endringer eller tilf\u00f8yelser i personvernerkl\u00e6ringen. Den nyeste versjonen av personvernerkl\u00e6ringen vil alltid v\u00e6re tilgjengelig via tjenesten. En ny versjon anses for \u00e5 v\u00e6re kommunisert til brukerne n\u00e5r brukeren enten har mottatt en e-post som informerer brukeren om den nye versjonen (ved hjelp av e-postadressen som brukeren har oppgitt ved bruk av tjenesten) eller n\u00e5r brukeren p\u00e5 annen m\u00e5te er informert om den nye personvernerkl\u00e6ringen.  <\/p>\n<p>9. <strong>Kontakt <\/strong> <\/p>\n<p>For sp\u00f8rsm\u00e5l, ytterligere informasjon om v\u00e5r behandling av personopplysninger eller for \u00e5 kontakte oss i andre saker, vennligst bruk f\u00f8lgende kontaktinformasjon; Omnistaff charlotta@omnistaff.se<\/p>\n<p>[\/et_pb_text][\/et_pb_column][\/et_pb_row][\/et_pb_section]<\/p>\n","protected":false},"excerpt":{"rendered":"<p>OMNISTAFF &#8211; Personvernerkl\u00e6ring 2021-04-27 Personvernerkl\u00e6ring for rekruttering gjennom Teamtailor Tjenesten for h\u00e5ndtering av rekruttering og forenkling av ansettelsesprosessen (&laquo;Tjenesten&raquo;) drives av Teamtailor p\u00e5 vegne av Omnistaff (&laquo;Behandlingsansvarlig&raquo;, &laquo;vi&raquo;, &laquo;oss&raquo; osv.). Det er viktig at de som bruker tjenesten (&laquo;brukerne&raquo;) er trygge p\u00e5 og informert om hvordan vi h\u00e5ndterer brukerens personopplysninger i rekrutteringsprosessen. Vi bestreber oss [&hellip;]<\/p>\n","protected":false},"author":2,"featured_media":0,"parent":0,"menu_order":0,"comment_status":"closed","ping_status":"closed","template":"","meta":{"_et_pb_use_builder":"on","_et_pb_old_content":"","_et_gb_content_width":"","footnotes":""},"difl_page_category":[],"class_list":["post-3345","page","type-page","status-publish","hentry"],"yoast_head":"<!-- This site is optimized with the Yoast SEO plugin v27.5 - https:\/\/yoast.com\/product\/yoast-seo-wordpress\/ -->\n<title>Personvernerkl\u00e6ring | OMNISTAFF<\/title>\n<meta name=\"description\" content=\"Omnistaff: en kompetansebedrift i tiden. Du er velkommen til \u00e5 lese v\u00e5r personvernerkl\u00e6ring med informasjon om hvordan vi behandler personopplysninger. Klikk her.\" \/>\n<meta name=\"robots\" content=\"index, follow, max-snippet:-1, max-image-preview:large, max-video-preview:-1\" \/>\n<link rel=\"canonical\" href=\"https:\/\/omnistaff.se\/no\/retningslinjer-for-personvern\/\" \/>\n<meta property=\"og:locale\" content=\"nb_NO\" \/>\n<meta property=\"og:type\" content=\"article\" \/>\n<meta property=\"og:title\" content=\"Personvernerkl\u00e6ring | OMNISTAFF\" \/>\n<meta property=\"og:description\" content=\"Omnistaff: en kompetansebedrift i tiden. Du er velkommen til \u00e5 lese v\u00e5r personvernerkl\u00e6ring med informasjon om hvordan vi behandler personopplysninger. Klikk her.\" \/>\n<meta property=\"og:url\" content=\"https:\/\/omnistaff.se\/no\/retningslinjer-for-personvern\/\" \/>\n<meta property=\"og:site_name\" content=\"Omnistaff\" \/>\n<meta property=\"article:modified_time\" content=\"2025-03-07T14:41:03+00:00\" \/>\n<meta name=\"twitter:card\" content=\"summary_large_image\" \/>\n<meta name=\"twitter:label1\" content=\"Ansl. lesetid\" \/>\n\t<meta name=\"twitter:data1\" content=\"8 minutter\" \/>\n<script type=\"application\/ld+json\" class=\"yoast-schema-graph\">{\"@context\":\"https:\\\/\\\/schema.org\",\"@graph\":[{\"@type\":\"WebPage\",\"@id\":\"https:\\\/\\\/omnistaff.se\\\/no\\\/retningslinjer-for-personvern\\\/\",\"url\":\"https:\\\/\\\/omnistaff.se\\\/no\\\/retningslinjer-for-personvern\\\/\",\"name\":\"Personvernerkl\u00e6ring | OMNISTAFF\",\"isPartOf\":{\"@id\":\"https:\\\/\\\/omnistaff.se\\\/#website\"},\"datePublished\":\"2023-05-05T13:47:11+00:00\",\"dateModified\":\"2025-03-07T14:41:03+00:00\",\"description\":\"Omnistaff: en kompetansebedrift i tiden. Du er velkommen til \u00e5 lese v\u00e5r personvernerkl\u00e6ring med informasjon om hvordan vi behandler personopplysninger. Klikk her.\",\"breadcrumb\":{\"@id\":\"https:\\\/\\\/omnistaff.se\\\/no\\\/retningslinjer-for-personvern\\\/#breadcrumb\"},\"inLanguage\":\"nb-NO\",\"potentialAction\":[{\"@type\":\"ReadAction\",\"target\":[\"https:\\\/\\\/omnistaff.se\\\/no\\\/retningslinjer-for-personvern\\\/\"]}]},{\"@type\":\"BreadcrumbList\",\"@id\":\"https:\\\/\\\/omnistaff.se\\\/no\\\/retningslinjer-for-personvern\\\/#breadcrumb\",\"itemListElement\":[{\"@type\":\"ListItem\",\"position\":1,\"name\":\"Home\",\"item\":\"https:\\\/\\\/omnistaff.se\\\/no\\\/\"},{\"@type\":\"ListItem\",\"position\":2,\"name\":\"Retningslinjer for personvern\"}]},{\"@type\":\"WebSite\",\"@id\":\"https:\\\/\\\/omnistaff.se\\\/#website\",\"url\":\"https:\\\/\\\/omnistaff.se\\\/\",\"name\":\"Omnistaff\",\"description\":\"\",\"potentialAction\":[{\"@type\":\"SearchAction\",\"target\":{\"@type\":\"EntryPoint\",\"urlTemplate\":\"https:\\\/\\\/omnistaff.se\\\/?s={search_term_string}\"},\"query-input\":{\"@type\":\"PropertyValueSpecification\",\"valueRequired\":true,\"valueName\":\"search_term_string\"}}],\"inLanguage\":\"nb-NO\"}]}<\/script>\n<!-- \/ Yoast SEO plugin. -->","yoast_head_json":{"title":"Personvernerkl\u00e6ring | OMNISTAFF","description":"Omnistaff: en kompetansebedrift i tiden. Du er velkommen til \u00e5 lese v\u00e5r personvernerkl\u00e6ring med informasjon om hvordan vi behandler personopplysninger. Klikk her.","robots":{"index":"index","follow":"follow","max-snippet":"max-snippet:-1","max-image-preview":"max-image-preview:large","max-video-preview":"max-video-preview:-1"},"canonical":"https:\/\/omnistaff.se\/no\/retningslinjer-for-personvern\/","og_locale":"nb_NO","og_type":"article","og_title":"Personvernerkl\u00e6ring | OMNISTAFF","og_description":"Omnistaff: en kompetansebedrift i tiden. Du er velkommen til \u00e5 lese v\u00e5r personvernerkl\u00e6ring med informasjon om hvordan vi behandler personopplysninger. Klikk her.","og_url":"https:\/\/omnistaff.se\/no\/retningslinjer-for-personvern\/","og_site_name":"Omnistaff","article_modified_time":"2025-03-07T14:41:03+00:00","twitter_card":"summary_large_image","twitter_misc":{"Ansl. lesetid":"8 minutter"},"schema":{"@context":"https:\/\/schema.org","@graph":[{"@type":"WebPage","@id":"https:\/\/omnistaff.se\/no\/retningslinjer-for-personvern\/","url":"https:\/\/omnistaff.se\/no\/retningslinjer-for-personvern\/","name":"Personvernerkl\u00e6ring | OMNISTAFF","isPartOf":{"@id":"https:\/\/omnistaff.se\/#website"},"datePublished":"2023-05-05T13:47:11+00:00","dateModified":"2025-03-07T14:41:03+00:00","description":"Omnistaff: en kompetansebedrift i tiden. Du er velkommen til \u00e5 lese v\u00e5r personvernerkl\u00e6ring med informasjon om hvordan vi behandler personopplysninger. Klikk her.","breadcrumb":{"@id":"https:\/\/omnistaff.se\/no\/retningslinjer-for-personvern\/#breadcrumb"},"inLanguage":"nb-NO","potentialAction":[{"@type":"ReadAction","target":["https:\/\/omnistaff.se\/no\/retningslinjer-for-personvern\/"]}]},{"@type":"BreadcrumbList","@id":"https:\/\/omnistaff.se\/no\/retningslinjer-for-personvern\/#breadcrumb","itemListElement":[{"@type":"ListItem","position":1,"name":"Home","item":"https:\/\/omnistaff.se\/no\/"},{"@type":"ListItem","position":2,"name":"Retningslinjer for personvern"}]},{"@type":"WebSite","@id":"https:\/\/omnistaff.se\/#website","url":"https:\/\/omnistaff.se\/","name":"Omnistaff","description":"","potentialAction":[{"@type":"SearchAction","target":{"@type":"EntryPoint","urlTemplate":"https:\/\/omnistaff.se\/?s={search_term_string}"},"query-input":{"@type":"PropertyValueSpecification","valueRequired":true,"valueName":"search_term_string"}}],"inLanguage":"nb-NO"}]}},"_links":{"self":[{"href":"https:\/\/omnistaff.se\/no\/wp-json\/wp\/v2\/pages\/3345","targetHints":{"allow":["GET"]}}],"collection":[{"href":"https:\/\/omnistaff.se\/no\/wp-json\/wp\/v2\/pages"}],"about":[{"href":"https:\/\/omnistaff.se\/no\/wp-json\/wp\/v2\/types\/page"}],"author":[{"embeddable":true,"href":"https:\/\/omnistaff.se\/no\/wp-json\/wp\/v2\/users\/2"}],"replies":[{"embeddable":true,"href":"https:\/\/omnistaff.se\/no\/wp-json\/wp\/v2\/comments?post=3345"}],"version-history":[{"count":14,"href":"https:\/\/omnistaff.se\/no\/wp-json\/wp\/v2\/pages\/3345\/revisions"}],"predecessor-version":[{"id":3841,"href":"https:\/\/omnistaff.se\/no\/wp-json\/wp\/v2\/pages\/3345\/revisions\/3841"}],"wp:attachment":[{"href":"https:\/\/omnistaff.se\/no\/wp-json\/wp\/v2\/media?parent=3345"}],"wp:term":[{"taxonomy":"difl_page_category","embeddable":true,"href":"https:\/\/omnistaff.se\/no\/wp-json\/wp\/v2\/difl_page_category?post=3345"}],"curies":[{"name":"wp","href":"https:\/\/api.w.org\/{rel}","templated":true}]}}